{"id":8828,"date":"2012-12-11T17:20:03","date_gmt":"2012-12-11T21:20:03","guid":{"rendered":"http:\/\/www.musicalamerica.com\/mablogs\/?page_id=8828"},"modified":"2015-10-13T19:28:16","modified_gmt":"2015-10-13T23:28:16","slug":"2013-awards-reception-videos-and-photos","status":"publish","type":"page","link":"http:\/\/www.musicalamerica.com\/mablogs\/?page_id=8828","title":{"rendered":"2013 Awards Reception Videos and Photos"},"content":{"rendered":"<p>Lincoln Center\u2019s Kaplan Penthouse was once again the site of Musical America\u2019s annual award celebration on 6 December, honoring the 2013 winners and in the process attracting a large crowd of classical music\u2019s movers and shakers. <em>(scroll down to see all of our videos and photos)<\/em>\u00a0<\/p>\n<div id=\"attachment_8829\" style=\"width: 310px\" class=\"wp-caption aligncenter\"><a href=\"http:\/\/www.musicalamerica.com\/mablogs\/wp-content\/uploads\/2012\/12\/81067.jpg\"><img loading=\"lazy\" decoding=\"async\" aria-describedby=\"caption-attachment-8829\" class=\"size-medium wp-image-8829\" title=\"81067\" src=\"http:\/\/www.musicalamerica.com\/mablogs\/wp-content\/uploads\/2012\/12\/81067-300x199.jpg\" alt=\"\" width=\"300\" height=\"199\" srcset=\"http:\/\/www.musicalamerica.com\/mablogs\/wp-content\/uploads\/2012\/12\/81067-300x199.jpg 300w, http:\/\/www.musicalamerica.com\/mablogs\/wp-content\/uploads\/2012\/12\/81067.jpg 550w\" sizes=\"(max-width: 300px) 100vw, 300px\" \/><\/a><p id=\"caption-attachment-8829\" class=\"wp-caption-text\">Features Editor Sedgwick Clark presents 2013 Composer of the Year David Lang with his award<\/p><\/div>\n<div class=\"mceTemp\" style=\"text-align: center;\"><a href=\"http:\/\/www.musicalamerica.com\/mablogs\/?page_id=8740\">View 2013 Composer of the Year David Lang&#8217;s Acceptance Speech <\/a><\/div>\n<div class=\"mceTemp\" style=\"text-align: center;\"><a href=\"http:\/\/www.musicalamerica.com\/mablogs\/?page_id=8740\">and Interview with Musical America&#8217;s Edna Landau<\/a><\/div>\n<div class=\"mceTemp\" style=\"text-align: center;\">\n<div id=\"attachment_8830\" style=\"width: 310px\" class=\"wp-caption aligncenter\"><a href=\"http:\/\/www.musicalamerica.com\/mablogs\/wp-content\/uploads\/2012\/12\/81074.jpg\"><img loading=\"lazy\" decoding=\"async\" aria-describedby=\"caption-attachment-8830\" class=\"size-medium wp-image-8830\" title=\"81074\" src=\"http:\/\/www.musicalamerica.com\/mablogs\/wp-content\/uploads\/2012\/12\/81074-300x199.jpg\" alt=\"\" width=\"300\" height=\"199\" srcset=\"http:\/\/www.musicalamerica.com\/mablogs\/wp-content\/uploads\/2012\/12\/81074-300x199.jpg 300w, http:\/\/www.musicalamerica.com\/mablogs\/wp-content\/uploads\/2012\/12\/81074.jpg 550w\" sizes=\"(max-width: 300px) 100vw, 300px\" \/><\/a><p id=\"caption-attachment-8830\" class=\"wp-caption-text\">Features Editor Sedgwick Clark presents 2013 Educator of the Year Jos\u00e9 Antonio Abreu with his award<\/p><\/div>\n<div class=\"mceTemp\" style=\"text-align: center;\"><a href=\"http:\/\/www.musicalamerica.com\/mablogs\/?page_id=8750\">View 2013 Educator of the Year Jos\u00e9 Antonio Abreu&#8217;s Acceptance <\/a><\/div>\n<div style=\"text-align: center;\"><a href=\"http:\/\/www.musicalamerica.com\/mablogs\/?page_id=8750\">Speech and Interview with Musical America&#8217;s Edna Landau<\/a><\/div>\n<div style=\"text-align: center;\">\n<div id=\"attachment_8831\" style=\"width: 310px\" class=\"wp-caption aligncenter\"><a href=\"http:\/\/www.musicalamerica.com\/mablogs\/wp-content\/uploads\/2012\/12\/81094.jpg\"><img loading=\"lazy\" decoding=\"async\" aria-describedby=\"caption-attachment-8831\" class=\"size-medium wp-image-8831\" title=\"81094\" src=\"http:\/\/www.musicalamerica.com\/mablogs\/wp-content\/uploads\/2012\/12\/81094-300x199.jpg\" alt=\"\" width=\"300\" height=\"199\" srcset=\"http:\/\/www.musicalamerica.com\/mablogs\/wp-content\/uploads\/2012\/12\/81094-300x199.jpg 300w, http:\/\/www.musicalamerica.com\/mablogs\/wp-content\/uploads\/2012\/12\/81094.jpg 550w\" sizes=\"(max-width: 300px) 100vw, 300px\" \/><\/a><p id=\"caption-attachment-8831\" class=\"wp-caption-text\">Features Editor Sedgwick Clark presents 2013 Instrumentalist of the Year Wu Man with her award<\/p><\/div>\n<div style=\"text-align: center;\">\n<div><a href=\"http:\/\/www.musicalamerica.com\/mablogs\/?page_id=8687\">View 2013\u00a0Instrumentalist of the Year Wu Man&#8217;s Acceptance Speech <\/a><\/div>\n<div><a href=\"http:\/\/www.musicalamerica.com\/mablogs\/?page_id=8687\">and Interview with Musical America&#8217;s Edna Landau<\/a><\/div>\n<div>\n<div id=\"attachment_8727\" style=\"width: 310px\" class=\"wp-caption aligncenter\"><a href=\"http:\/\/www.musicalamerica.com\/mablogs\/wp-content\/uploads\/2012\/12\/81116.jpg\"><img loading=\"lazy\" decoding=\"async\" aria-describedby=\"caption-attachment-8727\" class=\"size-medium wp-image-8727\" title=\"81116\" src=\"http:\/\/www.musicalamerica.com\/mablogs\/wp-content\/uploads\/2012\/12\/81116-300x199.jpg\" alt=\"\" width=\"300\" height=\"199\" srcset=\"http:\/\/www.musicalamerica.com\/mablogs\/wp-content\/uploads\/2012\/12\/81116-300x199.jpg 300w, http:\/\/www.musicalamerica.com\/mablogs\/wp-content\/uploads\/2012\/12\/81116.jpg 550w\" sizes=\"(max-width: 300px) 100vw, 300px\" \/><\/a><p id=\"caption-attachment-8727\" class=\"wp-caption-text\">2013 Vocalist of the Year Joyce DiDonato accepts her award<\/p><\/div>\n<\/div>\n<p style=\"text-align: center;\">\u00a0<a href=\"http:\/\/www.musicalamerica.com\/mablogs\/?page_id=8748\">View 2013\u00a0Vocalist of the Year\u00a0Joyce DiDonato&#8217;s Acceptance Speech<br \/>\nand Interview with Musical America&#8217;s Edna Landau<\/a>\u00a0<\/p>\n<div id=\"attachment_8832\" style=\"width: 310px\" class=\"wp-caption aligncenter\"><a href=\"http:\/\/www.musicalamerica.com\/mablogs\/wp-content\/uploads\/2012\/12\/81139.jpg\"><img loading=\"lazy\" decoding=\"async\" aria-describedby=\"caption-attachment-8832\" class=\"size-medium wp-image-8832\" title=\"81139\" src=\"http:\/\/www.musicalamerica.com\/mablogs\/wp-content\/uploads\/2012\/12\/81139-300x199.jpg\" alt=\"\" width=\"300\" height=\"199\" srcset=\"http:\/\/www.musicalamerica.com\/mablogs\/wp-content\/uploads\/2012\/12\/81139-300x199.jpg 300w, http:\/\/www.musicalamerica.com\/mablogs\/wp-content\/uploads\/2012\/12\/81139.jpg 550w\" sizes=\"(max-width: 300px) 100vw, 300px\" \/><\/a><p id=\"caption-attachment-8832\" class=\"wp-caption-text\">2013 Musician of the Year Gustavo Dudamel accepts his award<\/p><\/div>\n<p style=\"text-align: center;\"><a href=\"http:\/\/www.musicalamerica.com\/mablogs\/?page_id=8753\">View 2013\u00a0Musician of the Year\u00a0Gustavo Dudamel&#8217;s Acceptance Speech<br \/>\nand Interview with Musical America&#8217;s Edna Landau<\/a>\u00a0<\/p>\n<div id=\"attachment_8814\" style=\"width: 310px\" class=\"wp-caption aligncenter\"><a href=\"http:\/\/www.musicalamerica.com\/mablogs\/wp-content\/uploads\/2012\/12\/80949.jpg\"><img loading=\"lazy\" decoding=\"async\" aria-describedby=\"caption-attachment-8814\" class=\"size-medium wp-image-8814\" title=\"80949\" src=\"http:\/\/www.musicalamerica.com\/mablogs\/wp-content\/uploads\/2012\/12\/80949-300x199.jpg\" alt=\"\" width=\"300\" height=\"199\" srcset=\"http:\/\/www.musicalamerica.com\/mablogs\/wp-content\/uploads\/2012\/12\/80949-300x199.jpg 300w, http:\/\/www.musicalamerica.com\/mablogs\/wp-content\/uploads\/2012\/12\/80949.jpg 550w\" sizes=\"(max-width: 300px) 100vw, 300px\" \/><\/a><p id=\"caption-attachment-8814\" class=\"wp-caption-text\">Event sponsor Deutsche Grammophon&#39;s Gene Yraola, Joseph Oerke, Paul Foley, 2013 Musician of the Year Gustavo Dudamel, Denise McGovern, Olga Makrias<\/p><\/div>\n<div id=\"attachment_8812\" style=\"width: 310px\" class=\"wp-caption aligncenter\"><a href=\"http:\/\/www.musicalamerica.com\/mablogs\/wp-content\/uploads\/2012\/12\/81021.jpg\"><img loading=\"lazy\" decoding=\"async\" aria-describedby=\"caption-attachment-8812\" class=\"size-medium wp-image-8812\" title=\"81021\" src=\"http:\/\/www.musicalamerica.com\/mablogs\/wp-content\/uploads\/2012\/12\/81021-300x199.jpg\" alt=\"\" width=\"300\" height=\"199\" srcset=\"http:\/\/www.musicalamerica.com\/mablogs\/wp-content\/uploads\/2012\/12\/81021-300x199.jpg 300w, http:\/\/www.musicalamerica.com\/mablogs\/wp-content\/uploads\/2012\/12\/81021.jpg 550w\" sizes=\"(max-width: 300px) 100vw, 300px\" \/><\/a><p id=\"caption-attachment-8812\" class=\"wp-caption-text\">Leah Rankin, Shuman Associates; Wu Man, Earl Blackburn , Opus 3 Artists; Tania Leong, Opus 3 Artists<\/p><\/div>\n<div class=\"mceTemp\">\n<div id=\"attachment_8794\" style=\"width: 310px\" class=\"wp-caption aligncenter\"><a href=\"http:\/\/www.musicalamerica.com\/mablogs\/wp-content\/uploads\/2012\/12\/80943.jpg\"><img loading=\"lazy\" decoding=\"async\" aria-describedby=\"caption-attachment-8794\" class=\"size-medium wp-image-8794\" title=\"80943\" src=\"http:\/\/www.musicalamerica.com\/mablogs\/wp-content\/uploads\/2012\/12\/80943-300x199.jpg\" alt=\"\" width=\"300\" height=\"199\" srcset=\"http:\/\/www.musicalamerica.com\/mablogs\/wp-content\/uploads\/2012\/12\/80943-300x199.jpg 300w, http:\/\/www.musicalamerica.com\/mablogs\/wp-content\/uploads\/2012\/12\/80943.jpg 550w\" sizes=\"(max-width: 300px) 100vw, 300px\" \/><\/a><p id=\"caption-attachment-8794\" class=\"wp-caption-text\">Features Editor Sedgwick Clark, Los Angeles Times critic Mark Swed, 2013 Musician of the Year Gustavo Dudamel<\/p><\/div>\n<div id=\"attachment_8789\" style=\"width: 310px\" class=\"wp-caption aligncenter\"><a href=\"http:\/\/www.musicalamerica.com\/mablogs\/wp-content\/uploads\/2012\/12\/81001.jpg\"><img loading=\"lazy\" decoding=\"async\" aria-describedby=\"caption-attachment-8789\" class=\"size-medium wp-image-8789\" title=\"81001\" src=\"http:\/\/www.musicalamerica.com\/mablogs\/wp-content\/uploads\/2012\/12\/81001-300x199.jpg\" alt=\"\" width=\"300\" height=\"199\" srcset=\"http:\/\/www.musicalamerica.com\/mablogs\/wp-content\/uploads\/2012\/12\/81001-300x199.jpg 300w, http:\/\/www.musicalamerica.com\/mablogs\/wp-content\/uploads\/2012\/12\/81001.jpg 550w\" sizes=\"(max-width: 300px) 100vw, 300px\" \/><\/a><p id=\"caption-attachment-8789\" class=\"wp-caption-text\">Gustavo Dudamel with family<\/p><\/div>\n<div class=\"mceTemp\">\n<div id=\"attachment_8785\" style=\"width: 310px\" class=\"wp-caption aligncenter\"><a href=\"http:\/\/www.musicalamerica.com\/mablogs\/wp-content\/uploads\/2012\/12\/81004.jpg\"><img loading=\"lazy\" decoding=\"async\" aria-describedby=\"caption-attachment-8785\" class=\"size-medium wp-image-8785\" title=\"81004\" src=\"http:\/\/www.musicalamerica.com\/mablogs\/wp-content\/uploads\/2012\/12\/81004-300x199.jpg\" alt=\"\" width=\"300\" height=\"199\" srcset=\"http:\/\/www.musicalamerica.com\/mablogs\/wp-content\/uploads\/2012\/12\/81004-300x199.jpg 300w, http:\/\/www.musicalamerica.com\/mablogs\/wp-content\/uploads\/2012\/12\/81004.jpg 550w\" sizes=\"(max-width: 300px) 100vw, 300px\" \/><\/a><p id=\"caption-attachment-8785\" class=\"wp-caption-text\">Mart\u00edn and Gustavo Dudamel with the Trumpet Ensemble Sim\u00f3n Bol\u00edvar<\/p><\/div>\n<div id=\"attachment_8776\" style=\"width: 310px\" class=\"wp-caption aligncenter\"><a href=\"http:\/\/www.musicalamerica.com\/mablogs\/wp-content\/uploads\/2012\/12\/80975.jpg\"><img loading=\"lazy\" decoding=\"async\" aria-describedby=\"caption-attachment-8776\" class=\"size-medium wp-image-8776\" title=\"80975\" src=\"http:\/\/www.musicalamerica.com\/mablogs\/wp-content\/uploads\/2012\/12\/80975-300x199.jpg\" alt=\"\" width=\"300\" height=\"199\" srcset=\"http:\/\/www.musicalamerica.com\/mablogs\/wp-content\/uploads\/2012\/12\/80975-300x199.jpg 300w, http:\/\/www.musicalamerica.com\/mablogs\/wp-content\/uploads\/2012\/12\/80975.jpg 550w\" sizes=\"(max-width: 300px) 100vw, 300px\" \/><\/a><p id=\"caption-attachment-8776\" class=\"wp-caption-text\">Cia Toscanini, 2013 Composer of the Year David Lang, Ed Matthew, G. Schirmer<\/p><\/div>\n<div id=\"attachment_8773\" style=\"width: 310px\" class=\"wp-caption aligncenter\"><a href=\"http:\/\/www.musicalamerica.com\/mablogs\/wp-content\/uploads\/2012\/12\/80912.jpg\"><img loading=\"lazy\" decoding=\"async\" aria-describedby=\"caption-attachment-8773\" class=\"size-medium wp-image-8773\" title=\"80912\" src=\"http:\/\/www.musicalamerica.com\/mablogs\/wp-content\/uploads\/2012\/12\/80912-300x199.jpg\" alt=\"\" width=\"300\" height=\"199\" srcset=\"http:\/\/www.musicalamerica.com\/mablogs\/wp-content\/uploads\/2012\/12\/80912-300x199.jpg 300w, http:\/\/www.musicalamerica.com\/mablogs\/wp-content\/uploads\/2012\/12\/80912.jpg 550w\" sizes=\"(max-width: 300px) 100vw, 300px\" \/><\/a><p id=\"caption-attachment-8773\" class=\"wp-caption-text\">2013 Composer of the Year David Lang; Kristin Lancino, G. Schirmer; Features Editor Sedgwick Clark<\/p><\/div>\n<div id=\"attachment_8724\" style=\"width: 310px\" class=\"wp-caption aligncenter\"><a href=\"http:\/\/www.musicalamerica.com\/mablogs\/wp-content\/uploads\/2012\/12\/81045.jpg\"><img loading=\"lazy\" decoding=\"async\" aria-describedby=\"caption-attachment-8724\" class=\"size-medium wp-image-8724\" title=\"81045\" src=\"http:\/\/www.musicalamerica.com\/mablogs\/wp-content\/uploads\/2012\/12\/81045-300x199.jpg\" alt=\"\" width=\"300\" height=\"199\" srcset=\"http:\/\/www.musicalamerica.com\/mablogs\/wp-content\/uploads\/2012\/12\/81045-300x199.jpg 300w, http:\/\/www.musicalamerica.com\/mablogs\/wp-content\/uploads\/2012\/12\/81045.jpg 550w\" sizes=\"(max-width: 300px) 100vw, 300px\" \/><\/a><p id=\"caption-attachment-8724\" class=\"wp-caption-text\">Guests at the 2013 Musical America awards reception<\/p><\/div>\n<div id=\"attachment_8833\" style=\"width: 310px\" class=\"wp-caption aligncenter\"><a href=\"http:\/\/www.musicalamerica.com\/mablogs\/wp-content\/uploads\/2012\/12\/809851.jpg\"><img loading=\"lazy\" decoding=\"async\" aria-describedby=\"caption-attachment-8833\" class=\"size-medium wp-image-8833\" title=\"80985\" src=\"http:\/\/www.musicalamerica.com\/mablogs\/wp-content\/uploads\/2012\/12\/809851-300x199.jpg\" alt=\"\" width=\"300\" height=\"199\" srcset=\"http:\/\/www.musicalamerica.com\/mablogs\/wp-content\/uploads\/2012\/12\/809851-300x199.jpg 300w, http:\/\/www.musicalamerica.com\/mablogs\/wp-content\/uploads\/2012\/12\/809851.jpg 550w\" sizes=\"(max-width: 300px) 100vw, 300px\" \/><\/a><p id=\"caption-attachment-8833\" class=\"wp-caption-text\">2013 Composer of the Year David Lang, 2013 Musician of the Year Gustavo Dudamel<\/p><\/div>\n<div id=\"attachment_8840\" style=\"width: 310px\" class=\"wp-caption aligncenter\"><a href=\"http:\/\/www.musicalamerica.com\/mablogs\/wp-content\/uploads\/2012\/12\/81007.jpg\"><img loading=\"lazy\" decoding=\"async\" aria-describedby=\"caption-attachment-8840\" class=\"size-medium wp-image-8840\" title=\"81007\" src=\"http:\/\/www.musicalamerica.com\/mablogs\/wp-content\/uploads\/2012\/12\/81007-300x199.jpg\" alt=\"\" width=\"300\" height=\"199\" srcset=\"http:\/\/www.musicalamerica.com\/mablogs\/wp-content\/uploads\/2012\/12\/81007-300x199.jpg 300w, http:\/\/www.musicalamerica.com\/mablogs\/wp-content\/uploads\/2012\/12\/81007.jpg 550w\" sizes=\"(max-width: 300px) 100vw, 300px\" \/><\/a><p id=\"caption-attachment-8840\" class=\"wp-caption-text\">Sean Gross, 21C Media; MusicalAmerica.com News Editor Susan Elliott; Judith Kurnick, League of American Orchestras<\/p><\/div>\n<div id=\"attachment_8839\" style=\"width: 310px\" class=\"wp-caption aligncenter\"><a href=\"http:\/\/www.musicalamerica.com\/mablogs\/wp-content\/uploads\/2012\/12\/81025.jpg\"><img loading=\"lazy\" decoding=\"async\" aria-describedby=\"caption-attachment-8839\" class=\"size-medium wp-image-8839\" title=\"81025\" src=\"http:\/\/www.musicalamerica.com\/mablogs\/wp-content\/uploads\/2012\/12\/81025-300x199.jpg\" alt=\"\" width=\"300\" height=\"199\" srcset=\"http:\/\/www.musicalamerica.com\/mablogs\/wp-content\/uploads\/2012\/12\/81025-300x199.jpg 300w, http:\/\/www.musicalamerica.com\/mablogs\/wp-content\/uploads\/2012\/12\/81025.jpg 550w\" sizes=\"(max-width: 300px) 100vw, 300px\" \/><\/a><p id=\"caption-attachment-8839\" class=\"wp-caption-text\">Chester Lane, Symphony magazine; Marianne Sciolilno, Sciolino Artists Management, Richard Weinert, Concert Artists Guild<\/p><\/div>\n<div id=\"attachment_8837\" style=\"width: 310px\" class=\"wp-caption aligncenter\"><a href=\"http:\/\/www.musicalamerica.com\/mablogs\/wp-content\/uploads\/2012\/12\/809791.jpg\"><img loading=\"lazy\" decoding=\"async\" aria-describedby=\"caption-attachment-8837\" class=\"size-medium wp-image-8837\" title=\"80979\" src=\"http:\/\/www.musicalamerica.com\/mablogs\/wp-content\/uploads\/2012\/12\/809791-300x199.jpg\" alt=\"\" width=\"300\" height=\"199\" srcset=\"http:\/\/www.musicalamerica.com\/mablogs\/wp-content\/uploads\/2012\/12\/809791-300x199.jpg 300w, http:\/\/www.musicalamerica.com\/mablogs\/wp-content\/uploads\/2012\/12\/809791.jpg 550w\" sizes=\"(max-width: 300px) 100vw, 300px\" \/><\/a><p id=\"caption-attachment-8837\" class=\"wp-caption-text\">Los Angeles Philharmonic Chief Executive Director Deborah Borda, 2013 Musician of the Year Gustavo Dudamel<\/p><\/div>\n<div id=\"attachment_8838\" style=\"width: 310px\" class=\"wp-caption aligncenter\"><a href=\"http:\/\/www.musicalamerica.com\/mablogs\/wp-content\/uploads\/2012\/12\/809831.jpg\"><img loading=\"lazy\" decoding=\"async\" aria-describedby=\"caption-attachment-8838\" class=\"size-medium wp-image-8838\" title=\"80983\" src=\"http:\/\/www.musicalamerica.com\/mablogs\/wp-content\/uploads\/2012\/12\/809831-300x199.jpg\" alt=\"\" width=\"300\" height=\"199\" srcset=\"http:\/\/www.musicalamerica.com\/mablogs\/wp-content\/uploads\/2012\/12\/809831-300x199.jpg 300w, http:\/\/www.musicalamerica.com\/mablogs\/wp-content\/uploads\/2012\/12\/809831.jpg 550w\" sizes=\"(max-width: 300px) 100vw, 300px\" \/><\/a><p id=\"caption-attachment-8838\" class=\"wp-caption-text\">2013 Vocalist of the Year Joyce DiDonato, 2013 Instrumentalist of the Year Wu Man, 2013 Composer of the Year David LangChris Putnam, Colbert Artists Management; Amanda Ameer, First Chair Promotions<\/p><\/div>\n<div class=\"mceTemp\">\n<div id=\"attachment_8835\" style=\"width: 310px\" class=\"wp-caption aligncenter\"><a href=\"http:\/\/www.musicalamerica.com\/mablogs\/wp-content\/uploads\/2012\/12\/80947.jpg\"><img loading=\"lazy\" decoding=\"async\" aria-describedby=\"caption-attachment-8835\" class=\"size-medium wp-image-8835\" title=\"80947\" src=\"http:\/\/www.musicalamerica.com\/mablogs\/wp-content\/uploads\/2012\/12\/80947-300x199.jpg\" alt=\"\" width=\"300\" height=\"199\" srcset=\"http:\/\/www.musicalamerica.com\/mablogs\/wp-content\/uploads\/2012\/12\/80947-300x199.jpg 300w, http:\/\/www.musicalamerica.com\/mablogs\/wp-content\/uploads\/2012\/12\/80947.jpg 550w\" sizes=\"(max-width: 300px) 100vw, 300px\" \/><\/a><p id=\"caption-attachment-8835\" class=\"wp-caption-text\">Charlotte Schroeder, Colbert Artists Management; Publicist Dan Dutcher; Chris Putnam, Colbert Artists Management<\/p><\/div>\n<div id=\"attachment_8790\" style=\"width: 310px\" class=\"wp-caption aligncenter\"><a href=\"http:\/\/www.musicalamerica.com\/mablogs\/wp-content\/uploads\/2012\/12\/81178.jpg\"><img loading=\"lazy\" decoding=\"async\" aria-describedby=\"caption-attachment-8790\" class=\"size-medium wp-image-8790\" title=\"81178\" src=\"http:\/\/www.musicalamerica.com\/mablogs\/wp-content\/uploads\/2012\/12\/81178-300x199.jpg\" alt=\"\" width=\"300\" height=\"199\" srcset=\"http:\/\/www.musicalamerica.com\/mablogs\/wp-content\/uploads\/2012\/12\/81178-300x199.jpg 300w, http:\/\/www.musicalamerica.com\/mablogs\/wp-content\/uploads\/2012\/12\/81178.jpg 550w\" sizes=\"(max-width: 300px) 100vw, 300px\" \/><\/a><p id=\"caption-attachment-8790\" class=\"wp-caption-text\">Maestro Dudamel with Author Clemency Burton-Hill<\/p><\/div>\n<\/div>\n<\/div>\n<\/div>\n<\/div>\n<\/div>\n<\/div>\n<div id=\"wp_fb_like_button\" style=\"margin:5px 0;float:none;height:34px;\"><script src=\"http:\/\/connect.facebook.net\/en_US\/all.js#xfbml=1\"><\/script><fb:like href=\"http:\/\/www.musicalamerica.com\/mablogs\/?page_id=8828\" send=\"false\" layout=\"standard\" width=\"450\" show_faces=\"false\" font=\"arial\" action=\"like\" colorscheme=\"light\"><\/fb:like><\/div>","protected":false},"excerpt":{"rendered":"<p>Lincoln Center\u2019s Kaplan Penthouse was once again the site of Musical America\u2019s annual award celebration on 6 December, honoring the 2013 winners and in the process attracting a large crowd of classical music\u2019s movers and shakers. (scroll down to see all of our videos and photos)\u00a0 View 2013 Composer of the Year David Lang&#8217;s Acceptance [&hellip;]<\/p>\n","protected":false},"author":1,"featured_media":0,"parent":29062,"menu_order":1115,"comment_status":"open","ping_status":"open","template":"","meta":{"footnotes":""},"aioseo_notices":[],"_links":{"self":[{"href":"http:\/\/www.musicalamerica.com\/mablogs\/index.php?rest_route=\/wp\/v2\/pages\/8828"}],"collection":[{"href":"http:\/\/www.musicalamerica.com\/mablogs\/index.php?rest_route=\/wp\/v2\/pages"}],"about":[{"href":"http:\/\/www.musicalamerica.com\/mablogs\/index.php?rest_route=\/wp\/v2\/types\/page"}],"author":[{"embeddable":true,"href":"http:\/\/www.musicalamerica.com\/mablogs\/index.php?rest_route=\/wp\/v2\/users\/1"}],"replies":[{"embeddable":true,"href":"http:\/\/www.musicalamerica.com\/mablogs\/index.php?rest_route=%2Fwp%2Fv2%2Fcomments&post=8828"}],"version-history":[{"count":14,"href":"http:\/\/www.musicalamerica.com\/mablogs\/index.php?rest_route=\/wp\/v2\/pages\/8828\/revisions"}],"predecessor-version":[{"id":29081,"href":"http:\/\/www.musicalamerica.com\/mablogs\/index.php?rest_route=\/wp\/v2\/pages\/8828\/revisions\/29081"}],"up":[{"embeddable":true,"href":"http:\/\/www.musicalamerica.com\/mablogs\/index.php?rest_route=\/wp\/v2\/pages\/29062"}],"wp:attachment":[{"href":"http:\/\/www.musicalamerica.com\/mablogs\/index.php?rest_route=%2Fwp%2Fv2%2Fmedia&parent=8828"}],"curies":[{"name":"wp","href":"https:\/\/api.w.org\/{rel}","templated":true}]}}